{"id":6326,"date":"2018-06-30T12:20:09","date_gmt":"2018-06-30T10:20:09","guid":{"rendered":"https:\/\/balliuexport.com\/producto\/eva-pro-2\/"},"modified":"2026-02-04T11:48:11","modified_gmt":"2026-02-04T10:48:11","slug":"bain-de-soleil-en-resine-eva-pro","status":"publish","type":"product","link":"https:\/\/www.balliuexport.com\/fr\/produit\/bain-de-soleil-en-resine-eva-pro\/","title":{"rendered":"Bain de soleil Eva Pro"},"content":{"rendered":"<p><iframe style=\"width: 1000px; height: 440px; overflow: hidden; border-radius: 8px;\" src=\"https:\/\/viewer.ienhance.co\/v\/app\/5599ade8-05e6-493b-8246-0ad49606cc9b\" frameborder=\"0\" allowfullscreen=\"allowfullscreen\"><span data-mce-type=\"bookmark\" style=\"display: inline-block; width: 0px; overflow: hidden; line-height: 0;\" class=\"mce_SELRES_start\"><\/span><span data-mce-type=\"bookmark\" style=\"display: inline-block; width: 0px; overflow: hidden; line-height: 0;\" class=\"mce_SELRES_start\"><\/span> <\/iframe><\/p>\n<div style=\"line-height: 1.6; font-size: 16px; font-family: Gilroy, sans-serif;\">\n<h2><span style=\"color: #006eb7;\">Bain de soleil Eva pro: une ing\u00e9nierie de pr\u00e9cision pour une d\u00e9tente in\u00e9gal\u00e9e<\/span><\/h2>\n<p data-start=\"292\" data-end=\"644\"><span style=\"color: #7a7a7a;\">Le Bain de soleil Eva Pro a \u00e9t\u00e9 con\u00e7u pour un usage professionnel intensif sur les plages, dans les h\u00f4tels, les piscines et les centres sportifs. Elle se distingue par son \u00e9quilibre entre <span style=\"color: #006eb7;\">fonctionnalit\u00e9, r\u00e9sistance et confort<\/span> <span style=\"color: #006eb7;\">r\u00e9glable<\/span>. Fabriqu\u00e9e en r\u00e9sine de polypropyl\u00e8ne recyclable avec des renforts internes en acier, elle offre une grande durabilit\u00e9, m\u00eame dans des environnements tr\u00e8s exigeants.  <\/span><\/p>\n<p data-start=\"646\" data-end=\"919\"><span style=\"color: #7a7a7a;\">Le dossier est r\u00e9glable en cinq positions, dont la position totalement horizontale, et les roues int\u00e9gr\u00e9es facilitent la manipulation et la gestion au quotidien. Conforme aux normes <span style=\"color: #006eb7;\"><strong>ASTM F1988-99(2014)<\/strong><\/span> y <span style=\"color: #006eb7;\"><strong>EN 581-1\/2:2017<\/strong><\/span>et b\u00e9n\u00e9ficie d&rsquo;une <span style=\"color: #006eb7;\"><strong>garantie de 5 ans<\/strong><\/span> sur le ch\u00e2ssis. <\/span><\/p>\n<p data-start=\"921\" data-end=\"1219\"><span style=\"color: #7a7a7a;\">L&rsquo;Eva Pro est disponible dans diff\u00e9rentes finitions de cadre, y compris la finition Prestige, qui \u00e9largit les options de couleur tout en conservant ses performances techniques intactes. Le tissu est personnalisable et des pi\u00e8ces de rechange sont disponibles pour garantir une utilisation durable du produit dans le temps. <\/span><\/p>\n<\/div>\n","protected":false},"excerpt":{"rendered":"<p><strong><span style=\"color: #006eb7;\">Prix hors TVA<\/span><\/strong><\/p>\n<p><strong>Chaise longue de plage <\/strong>pour h\u00f4tels et centres sportifs, en r\u00e9sine polypropyl\u00e8ne recyclable et tissu PVC et polyester.<\/p>\n","protected":false},"featured_media":52288,"template":"","meta":{"_acf_changed":false},"product_brand":[],"product_cat":[666,1314,1332,963,1302,1199,1328,1307],"product_tag":[],"class_list":{"0":"post-6326","1":"product","2":"type-product","3":"status-publish","4":"has-post-thumbnail","6":"product_cat-bains-de-soleil","7":"product_cat-bains-de-soleil-de-plage","8":"product_cat-bains-de-soleil-empilable","9":"product_cat-bains-de-soleil-en-plastique-recycle","10":"product_cat-transats-hotels","11":"product_cat-bains-de-soleil-pour-piscines-commerciales","12":"product_cat-bains-de-soleil-en-resine","13":"product_cat-bains-de-soleils-de-spa","15":"first","16":"instock","17":"taxable","18":"shipping-taxable","19":"purchasable","20":"product-type-variable"},"bundled_by":["70287"],"bundle_stock_status":"instock","bundle_stock_quantity":null,"bundle_virtual":false,"bundle_layout":"","bundle_add_to_cart_form_location":"","bundle_editable_in_cart":false,"bundle_sold_individually_context":"","bundle_item_grouping":"","bundle_min_size":"","bundle_max_size":"","bundle_price":[],"bundled_items":[],"bundle_sell_ids":[],"acf":[],"_links":{"self":[{"href":"https:\/\/www.balliuexport.com\/fr\/wp-json\/wp\/v2\/product\/6326","targetHints":{"allow":["GET"]}}],"collection":[{"href":"https:\/\/www.balliuexport.com\/fr\/wp-json\/wp\/v2\/product"}],"about":[{"href":"https:\/\/www.balliuexport.com\/fr\/wp-json\/wp\/v2\/types\/product"}],"wp:featuredmedia":[{"embeddable":true,"href":"https:\/\/www.balliuexport.com\/fr\/wp-json\/wp\/v2\/media\/52288"}],"wp:attachment":[{"href":"https:\/\/www.balliuexport.com\/fr\/wp-json\/wp\/v2\/media?parent=6326"}],"wp:term":[{"taxonomy":"product_brand","embeddable":true,"href":"https:\/\/www.balliuexport.com\/fr\/wp-json\/wp\/v2\/product_brand?post=6326"},{"taxonomy":"product_cat","embeddable":true,"href":"https:\/\/www.balliuexport.com\/fr\/wp-json\/wp\/v2\/product_cat?post=6326"},{"taxonomy":"product_tag","embeddable":true,"href":"https:\/\/www.balliuexport.com\/fr\/wp-json\/wp\/v2\/product_tag?post=6326"}],"curies":[{"name":"wp","href":"https:\/\/api.w.org\/{rel}","templated":true}]}}